{"id":2263,"date":"2022-09-02T02:37:23","date_gmt":"2022-09-02T08:37:23","guid":{"rendered":"https:\/\/oenicaragua.org\/?page_id=2263"},"modified":"2022-09-02T02:47:58","modified_gmt":"2022-09-02T08:47:58","slug":"freddy-roberto-siu-forbes","status":"publish","type":"page","link":"https:\/\/oenicaragua.org\/?page_id=2263","title":{"rendered":"Freddy Roberto Si\u00fa Forbes"},"content":{"rendered":"<div id=\"attachment_2264\" style=\"width: 760px\" class=\"wp-caption aligncenter\"><img loading=\"lazy\" decoding=\"async\" aria-describedby=\"caption-attachment-2264\" src=\"https:\/\/oenicaragua.org\/wp-content\/uploads\/2022\/09\/FS_03-1024x576.jpg\" alt=\"\" width=\"750\" height=\"422\" class=\"wp-image-2264 size-large\" srcset=\"https:\/\/oenicaragua.org\/wp-content\/uploads\/2022\/09\/FS_03-1024x576.jpg 1024w, https:\/\/oenicaragua.org\/wp-content\/uploads\/2022\/09\/FS_03-300x169.jpg 300w, https:\/\/oenicaragua.org\/wp-content\/uploads\/2022\/09\/FS_03-768x432.jpg 768w, https:\/\/oenicaragua.org\/wp-content\/uploads\/2022\/09\/FS_03-1536x864.jpg 1536w, https:\/\/oenicaragua.org\/wp-content\/uploads\/2022\/09\/FS_03-2048x1152.jpg 2048w\" sizes=\"auto, (max-width: 750px) 100vw, 750px\" \/><p id=\"caption-attachment-2264\" class=\"wp-caption-text\"><strong>\u00abFreddy Siu: Mi sue\u00f1o es ser entrenador de atletismo\u00bb<\/strong><\/p><\/div>\n<p style=\"text-align: justify;\">Fue en el 2007 cuando el caribe\u00f1o <strong>Freddy Roberto Si\u00fa Forbes<\/strong> pis\u00f3 por primera vez una pista de atletismo y desde entonces no ha parado. En su haber ha conquistado medallas de muchos colores representando al pa\u00eds. Su sue\u00f1o es compartir los secretos del atletismo a las futuras generaciones.<\/p>\n<p style=\"text-align: justify;\">A Si\u00fa se le ve entrenar todos los d\u00edas en la pista de atletismo del <strong>Instituto Nicarag\u00fcense de Deportes (IND)<\/strong> pues su sue\u00f1o inmediato es competir en los <strong>Juegos Paral\u00edmpicos en Par\u00eds, Francia, en el 2024 y en los Juegos Mundiales de Olimpiadas Especiales en Berl\u00edn, Alemania en el 2023.<\/strong><\/p>\n<p style=\"text-align: justify;\">Desde que se vino a vivir y entrenar a <strong>Managua<\/strong> desde hace unos a\u00f1os Si\u00fa no descansa. El esbelto chavalo corre en las pruebas de los 200, 400 y 800 metros. Tambi\u00e9n compite en pruebas de salto de longitud.<\/p>\n<p style=\"text-align: justify;\">El atletismo ha sido generoso con Si\u00fa, que tiene discapacidad intelectual \u00abTrato de llevar una vida normal y sana, practicar el atletismo me causa felicidad, me siento bien, quiero ense\u00f1ar el atletismo a los ni\u00f1os, quiero ense\u00f1ar en mi pueblo de <strong>Bluefields<\/strong>, quiero ellos tambi\u00e9n aprendan\u00bb, reiter\u00f3 Freddy Si\u00fa.<\/p>\n<p style=\"text-align: justify;\">Freddy, quien empez\u00f3 a competir desde el nivel escolar, ha conquistado muchas medallas, entre las m\u00e1s importantes est\u00e1n las del 2018 cuando logr\u00f3 la medalla de oro en la prueba de salto de longitud en los <strong>Juegos Paracentroamericanos realizados en el 2018 en Managua.<\/strong><\/p>\n<p style=\"text-align: justify;\">Otro galard\u00f3n con el que saca pecho Freddy son sus medallas\u00a0de oro y bronce conquistadas en los <strong>Juegos Mundiales de Olimpiadas Especiales en Abu Dhabi en el 2019.<\/strong><\/p>\n<p style=\"text-align: justify;\">Actualmente, Freddy estudia <strong>Licenciatura de Educaci\u00f3n F\u00edsica<\/strong> en el Instituto Nicarag\u00fcense de Deportes (IND) todos los fines de semana.<\/p>\n","protected":false},"excerpt":{"rendered":"<p>Fue en el 2007 cuando el caribe\u00f1o Freddy Roberto Si\u00fa Forbes pis\u00f3 por primera vez una pista de atletismo y desde entonces no ha parado. En su haber ha conquistado medallas de muchos colores representando al pa\u00eds. Su sue\u00f1o es compartir los secretos del atletismo a las futuras generaciones. A [&hellip;]<\/p>\n","protected":false},"author":1,"featured_media":0,"parent":0,"menu_order":0,"comment_status":"closed","ping_status":"closed","template":"","meta":{"footnotes":""},"class_list":["post-2263","page","type-page","status-publish","hentry"],"_links":{"self":[{"href":"https:\/\/oenicaragua.org\/index.php?rest_route=\/wp\/v2\/pages\/2263","targetHints":{"allow":["GET"]}}],"collection":[{"href":"https:\/\/oenicaragua.org\/index.php?rest_route=\/wp\/v2\/pages"}],"about":[{"href":"https:\/\/oenicaragua.org\/index.php?rest_route=\/wp\/v2\/types\/page"}],"author":[{"embeddable":true,"href":"https:\/\/oenicaragua.org\/index.php?rest_route=\/wp\/v2\/users\/1"}],"replies":[{"embeddable":true,"href":"https:\/\/oenicaragua.org\/index.php?rest_route=%2Fwp%2Fv2%2Fcomments&post=2263"}],"version-history":[{"count":3,"href":"https:\/\/oenicaragua.org\/index.php?rest_route=\/wp\/v2\/pages\/2263\/revisions"}],"predecessor-version":[{"id":2272,"href":"https:\/\/oenicaragua.org\/index.php?rest_route=\/wp\/v2\/pages\/2263\/revisions\/2272"}],"wp:attachment":[{"href":"https:\/\/oenicaragua.org\/index.php?rest_route=%2Fwp%2Fv2%2Fmedia&parent=2263"}],"curies":[{"name":"wp","href":"https:\/\/api.w.org\/{rel}","templated":true}]}}