{"id":2312,"date":"2022-09-06T04:35:58","date_gmt":"2022-09-06T10:35:58","guid":{"rendered":"https:\/\/oenicaragua.org\/?page_id=2312"},"modified":"2022-09-06T04:56:56","modified_gmt":"2022-09-06T10:56:56","slug":"jonathan-antonio-martinez","status":"publish","type":"page","link":"https:\/\/oenicaragua.org\/?page_id=2312","title":{"rendered":"Jonathan Antonio Mart\u00ednez"},"content":{"rendered":"<div id=\"attachment_2314\" style=\"width: 760px\" class=\"wp-caption aligncenter\"><img loading=\"lazy\" decoding=\"async\" aria-describedby=\"caption-attachment-2314\" src=\"https:\/\/oenicaragua.org\/wp-content\/uploads\/2022\/09\/JM-3-1024x576.jpg\" alt=\"\" width=\"750\" height=\"422\" class=\"wp-image-2314 size-large\" srcset=\"https:\/\/oenicaragua.org\/wp-content\/uploads\/2022\/09\/JM-3-1024x576.jpg 1024w, https:\/\/oenicaragua.org\/wp-content\/uploads\/2022\/09\/JM-3-300x169.jpg 300w, https:\/\/oenicaragua.org\/wp-content\/uploads\/2022\/09\/JM-3-768x432.jpg 768w, https:\/\/oenicaragua.org\/wp-content\/uploads\/2022\/09\/JM-3-1536x864.jpg 1536w, https:\/\/oenicaragua.org\/wp-content\/uploads\/2022\/09\/JM-3-2048x1152.jpg 2048w\" sizes=\"auto, (max-width: 750px) 100vw, 750px\" \/><p id=\"caption-attachment-2314\" class=\"wp-caption-text\">Fue un embarazo muy dif\u00edcil, pero siempre le ped\u00ed a Dios me diera fuerzas y nunca me abandon\u00f3.<\/p><\/div>\n<p style=\"text-align: justify;\">Desde que naci\u00f3 la vida del atleta de nataci\u00f3n <strong>Jonathan Antonio Mart\u00ednez<\/strong> ha estado llena de retos y lo sigue estando, pero con la ayuda incondicional de su <strong>mam\u00e1 Tania Mar\u00eda S\u00e1nchez T\u00f3rrez<\/strong> y su familia poco a poco a salido adelante. Su mayor deseo es ser independiente, devolverle un poco a su mam\u00e1 de todo lo que le ha dado y materializar su sue\u00f1o de aprender a reparar celulares.<\/p>\n<p style=\"text-align: justify;\"><strong>Jonathan<\/strong> vino al mundo el 4 de septiembre del 2003 y naci\u00f3 con dificultades para caminar y hablar. Su <strong>mam\u00e1 Tania<\/strong> asegura que sacarlo adelante no ha sido f\u00e1cil. Muchas veces sinti\u00f3 frustraci\u00f3n, depresi\u00f3n, desesperaci\u00f3n, sinti\u00f3 quedarse sin fuerzas, pero Dios nunca la abandon\u00f3.<\/p>\n<p style=\"text-align: justify;\">\u00abEl parto de Jonathan fue por ces\u00e1rea, <strong>fue un embarazo muy dif\u00edcil, pero siempre le ped\u00ed a Dios me diera fuerzas y nunca me abandon\u00f3.<\/strong> Jonathan ten\u00eda problemas en sus pies pero gracias a las terapias logr\u00f3 caminar y hablar, lo hemos hecho un muchacho independiente\u00bb, confiesa do\u00f1a Tania.<\/p>\n<p style=\"text-align: justify;\">Desde peque\u00f1o a Jonathan le llam\u00f3 la atenci\u00f3n el agua y fue en el <strong>colegio Melania Morales<\/strong> en donde aprendi\u00f3 a nadar y posteriormente a competir representando a su colegio.<\/p>\n<p style=\"text-align: justify;\">\u00abMiraba a mis compa\u00f1eros nadar y un d\u00eda le dije a una <strong>profesora llamada Ang\u00e9lica<\/strong> si pod\u00eda nadar, que quer\u00eda aprender, le ped\u00ed permiso a mi mam\u00e1 y empec\u00e9 las pr\u00e1cticas\u00bb, cont\u00f3 Jonathan.<\/p>\n<p style=\"text-align: justify;\">Fue a los 15 a\u00f1os de edad que Jonathan empez\u00f3 a representar a <strong>Nicaragua<\/strong>, pero fue en el 2019 que sinti\u00f3 acariciar el cielo cuando gan\u00f3 dos medallas de las 11 que conquist\u00f3 una delegaci\u00f3n de atletas que compiti\u00f3 en los <strong>Juegos Ol\u00edmpicos Especiales en Abu Dhabi, Emiratos \u00c1rabes.<\/strong> Antes compiti\u00f3 en <strong>El Salvador y Panam\u00e1.<\/strong><\/p>\n<p style=\"text-align: justify;\">\u00ab<strong>Competir en Emiratos \u00c1rabes<\/strong> ha sido hasta ahora el logro m\u00e1s grande, siempre recuerdo ese momento, fue una experiencia inolvidable, fue un pa\u00eds donde un nica nunca hab\u00eda logrado competir menos un atleta con discapacidad\u00bb, dice con orgullo Jonathan,<\/p>\n<p style=\"text-align: justify;\"><strong>Mart\u00ednez<\/strong> obtuvo\u00a0 una medalla de oro y otra de plata en la prueba de 100 metros dorso y 100 metros libre, respectivamente, en la exigente competencia realizada en marzo del 2019.<\/p>\n<p style=\"text-align: justify;\">Pero no solo Jonathan se llena de emoci\u00f3n al recordar lo logrado en Emiratos \u00c1rabes, do\u00f1a <strong>Tania llora, pero en esta ocasi\u00f3n es de felicidad.<\/strong><\/p>\n<p style=\"text-align: justify;\">\u00abCuando veo a mi hijo y recuerdo lo que ha hecho siento que ha valido tanto desvelo, tanto esfuerzo, tanto sacrificios. He vendido hasta agua en los sem\u00e1foros por sacarlo adelante, vengo de muy abajo, soy madre soltera. Nunca imagin\u00e9 que iba a viajar en avi\u00f3n, como familia pas\u00e1bamos por un momento dificil pues mi hermana estaba en un\u00a0 hospital y fue ah\u00ed que nos enteramos de la medalla que hab\u00eda logrado <strong>Jonathan, Dios hizo ese milagro<\/strong>\u00ab, manifiesta do\u00f1a Tania.<\/p>\n<p style=\"text-align: justify;\">Do\u00f1a Tania se mostr\u00f3 agradecida tambi\u00e9n con la <strong>Federaci\u00f3n Deportiva del Comit\u00e9 Paral\u00edmpico Nicarag\u00fcense (Fedcopan) y la Federaci\u00f3n de Nataci\u00f3n de Nicaragua (Fenanica)<\/strong> por el apoyo brindado a su hijo.<\/p>\n<p style=\"text-align: justify;\"><strong>M\u00c1S APOYO<\/strong><\/p>\n<p style=\"text-align: justify;\">Do\u00f1a Tania manifest\u00f3 que \u00ab<strong>Ser\u00eda bueno que estas asociaciones o federaciones sean m\u00e1s apoyadas<\/strong> para que los atletas especiales tengan m\u00e1s oportunidades. Falta que esta sociedad comprenda a las personas con capacidades especiales\u00bb.<\/p>\n<p style=\"text-align: justify;\">La <strong>mam\u00e1 de Jonathan<\/strong> espera que su hijo \u00absea independiente y se valga por si mismo porque los padres no somos eternos.\u00a0Admiro a mi hijo porque ha salido adelante, se ha valido por si mismo a pesar de tantas dificultades, se que ha sufrido mucho\u00bb.<\/p>\n<p style=\"text-align: justify;\">En este <strong>mes patrio, Jonathan<\/strong> cumpli\u00f3 19 a\u00f1os y est\u00e1 consciente que sin el apoyo incondicional de su mam\u00e1, su vida ser\u00eda m\u00e1s dif\u00edcil.<\/p>\n<p style=\"text-align: justify;\">\u00ab<strong>Cuando escucho hablar a\u00a0 mi mam\u00e1 de mi me toca el coraz\u00f3n, me da ganas de llorar<\/strong>, pero por dentro digo que no voy a llorar, mi coraz\u00f3n se alegra con cada palabra de mi mam\u00e1. Me siento m\u00e1s motivado con lograr lo que yo quiero, si yo soy feliz ella tambi\u00e9n lo ser\u00e1\u00bb, finaliz\u00f3 Jonathan.<\/p>\n","protected":false},"excerpt":{"rendered":"<p>Desde que naci\u00f3 la vida del atleta de nataci\u00f3n Jonathan Antonio Mart\u00ednez ha estado llena de retos y lo sigue estando, pero con la ayuda incondicional de su mam\u00e1 Tania Mar\u00eda S\u00e1nchez T\u00f3rrez y su familia poco a poco a salido adelante. Su mayor deseo es ser independiente, devolverle un [&hellip;]<\/p>\n","protected":false},"author":1,"featured_media":0,"parent":0,"menu_order":0,"comment_status":"closed","ping_status":"closed","template":"","meta":{"footnotes":""},"class_list":["post-2312","page","type-page","status-publish","hentry"],"_links":{"self":[{"href":"https:\/\/oenicaragua.org\/index.php?rest_route=\/wp\/v2\/pages\/2312","targetHints":{"allow":["GET"]}}],"collection":[{"href":"https:\/\/oenicaragua.org\/index.php?rest_route=\/wp\/v2\/pages"}],"about":[{"href":"https:\/\/oenicaragua.org\/index.php?rest_route=\/wp\/v2\/types\/page"}],"author":[{"embeddable":true,"href":"https:\/\/oenicaragua.org\/index.php?rest_route=\/wp\/v2\/users\/1"}],"replies":[{"embeddable":true,"href":"https:\/\/oenicaragua.org\/index.php?rest_route=%2Fwp%2Fv2%2Fcomments&post=2312"}],"version-history":[{"count":6,"href":"https:\/\/oenicaragua.org\/index.php?rest_route=\/wp\/v2\/pages\/2312\/revisions"}],"predecessor-version":[{"id":2326,"href":"https:\/\/oenicaragua.org\/index.php?rest_route=\/wp\/v2\/pages\/2312\/revisions\/2326"}],"wp:attachment":[{"href":"https:\/\/oenicaragua.org\/index.php?rest_route=%2Fwp%2Fv2%2Fmedia&parent=2312"}],"curies":[{"name":"wp","href":"https:\/\/api.w.org\/{rel}","templated":true}]}}